{"id":13559,"date":"2026-09-04T13:09:28","date_gmt":"2026-09-04T13:09:28","guid":{"rendered":"https:\/\/www.salonsimi.com\/?page_id=13559"},"modified":"2026-09-04T13:21:29","modified_gmt":"2026-09-04T13:21:29","slug":"practical-information","status":"publish","type":"page","link":"https:\/\/www.salonsimi.com\/en\/visiter-le-simi\/practical-information\/","title":{"rendered":"Practical Information"},"content":{"rendered":"<p>[et_pb_section fb_built=&#8221;1&#8243; _builder_version=&#8221;4.20.2&#8243; _module_preset=&#8221;default&#8221; custom_padding=&#8221;||41px|||&#8221; global_colors_info=&#8221;{}&#8221;][\/et_pb_section][et_pb_section fb_built=&#8221;1&#8243; admin_label=&#8221;Section&#8221; _builder_version=&#8221;4.20.2&#8243; _module_preset=&#8221;default&#8221; background_color=&#8221;#8F8F8F&#8221; background_image=&#8221;https:\/\/www.salonsimi.com\/app\/uploads\/2026\/02\/Paris-Expo-Porte-de-Versailles.jpg&#8221; background_blend=&#8221;multiply&#8221; min_height=&#8221;600px&#8221; custom_margin=&#8221;-212px|||||&#8221; custom_padding=&#8221;40px||100px|||&#8221; custom_css_main_element=&#8221;margin: auto;&#8221; global_colors_info=&#8221;{}&#8221;][et_pb_row _builder_version=&#8221;4.20.2&#8243; _module_preset=&#8221;default&#8221; custom_margin=&#8221;||0px||false|false&#8221; custom_padding=&#8221;26px||0px||false|false&#8221; global_colors_info=&#8221;{}&#8221;][et_pb_column type=&#8221;4_4&#8243; _builder_version=&#8221;4.20.2&#8243; _module_preset=&#8221;default&#8221; global_colors_info=&#8221;{}&#8221;][dsm_breadcrumbs home_text=&#8221;Accueil&#8221; home_icon=&#8221;&#xf015;||fa||900&#8243; separator_icon=&#8221;&#x39;||divi||400&#8243; items_bg_color=&#8221;RGBA(255,255,255,0)&#8221; separator_bg_color=&#8221;RGBA(255,255,255,0)&#8221; current_bg_color=&#8221;RGBA(255,255,255,0)&#8221; disabled_on=&#8221;on|off|off&#8221; _builder_version=&#8221;4.20.2&#8243; _module_preset=&#8221;default&#8221; items_text_color=&#8221;#FFFFFF&#8221; home_icon_text_color=&#8221;#FFFFFF&#8221; separators_text_color=&#8221;#FFFFFF&#8221; current_text_color=&#8221;#FFFFFF&#8221; border_color_all_items=&#8221;#FFFFFF&#8221; global_colors_info=&#8221;{}&#8221;][\/dsm_breadcrumbs][\/et_pb_column][\/et_pb_row][et_pb_row column_structure=&#8221;1_2,1_2&#8243; make_equal=&#8221;on&#8221; _builder_version=&#8221;4.20.2&#8243; _module_preset=&#8221;default&#8221; min_height=&#8221;381.7px&#8221; custom_margin=&#8221;0px|auto||auto|false|false&#8221; custom_padding=&#8221;73px|0px||||&#8221; custom_css_main_element=&#8221;margin: auto;&#8221; global_colors_info=&#8221;{}&#8221;][et_pb_column type=&#8221;1_2&#8243; _builder_version=&#8221;4.20.2&#8243; _module_preset=&#8221;default&#8221; global_colors_info=&#8221;{}&#8221;][et_pb_text _builder_version=&#8221;4.20.2&#8243; _module_preset=&#8221;5fbb1855-8610-4c69-bf38-1f68f1466f1a&#8221; header_font=&#8221;|||on|||||&#8221; header_text_color=&#8221;#FFFFFF&#8221; header_font_size=&#8221;31px&#8221; header_2_font=&#8221;Gotham Book|||on|||||&#8221; header_2_text_color=&#8221;#FFFFFF&#8221; header_2_font_size=&#8221;63px&#8221; header_2_line_height=&#8221;1.2em&#8221; header_3_font=&#8221;Gotham Medium||||||||&#8221; header_3_text_color=&#8221;#FFFFFF&#8221; header_3_font_size=&#8221;32px&#8221; header_3_line_height=&#8221;1.2em&#8221; width=&#8221;80.2%&#8221; width_tablet=&#8221;&#8221; width_phone=&#8221;&#8221; width_last_edited=&#8221;on|tablet&#8221; custom_margin=&#8221;|-162px||0px|false|false&#8221; custom_padding=&#8221;0px|0px|0px|0px|false|false&#8221; animation_style=&#8221;fade&#8221; animation_direction=&#8221;left&#8221; hover_enabled=&#8221;0&#8243; header_2_font_size_tablet=&#8221;48px&#8221; header_2_font_size_phone=&#8221;36px&#8221; header_2_font_size_last_edited=&#8221;on|phone&#8221; header_2_line_height_tablet=&#8221;1.2em&#8221; header_2_line_height_phone=&#8221;1.2em&#8221; header_2_line_height_last_edited=&#8221;on|tablet&#8221; locked=&#8221;off&#8221; inline_fonts=&#8221;Gotham Bold&#8221; global_colors_info=&#8221;{}&#8221; sticky_enabled=&#8221;0&#8243;]<\/p>\n<h1><\/h1>\n<h1><\/h1>\n<h1><\/h1>\n<h1><\/h1>\n<h1><\/h1>\n<h1><\/h1>\n<h1><\/h1>\n<h1><\/h1>\n<h1><\/h1>\n<h1><\/h1>\n<h1>PRACTICAL<\/h1>\n<h1>INFORMATION<\/h1>\n<p>[\/et_pb_text][\/et_pb_column][et_pb_column type=&#8221;1_2&#8243; _builder_version=&#8221;4.20.2&#8243; _module_preset=&#8221;default&#8221; global_colors_info=&#8221;{}&#8221;][et_pb_text _builder_version=&#8221;4.20.2&#8243; _module_preset=&#8221;8ab2b4f1-11e5-4a89-9271-8cf8d8057f76&#8243; text_text_color=&#8221;#3B1A15&#8243; text_font_size=&#8221;19px&#8221; text_line_height=&#8221;25.8px&#8221; header_text_color=&#8221;#FFFFFF&#8221; header_font_size=&#8221;63px&#8221; header_2_font=&#8221;Gotham Bold|||on|||||&#8221; header_2_text_color=&#8221;#3B1A15&#8243; header_2_font_size=&#8221;45px&#8221; header_2_line_height=&#8221;1.2em&#8221; background_color=&#8221;#FFFFFF&#8221; width=&#8221;70%&#8221; width_tablet=&#8221;&#8221; width_phone=&#8221;&#8221; width_last_edited=&#8221;on|tablet&#8221; module_alignment=&#8221;center&#8221; min_height=&#8221;133.2px&#8221; custom_margin=&#8221;0px|-259px|0px|0px|false|false&#8221; custom_padding=&#8221;54px|23px|56px|23px|false|true&#8221; animation_direction=&#8221;left&#8221; hover_enabled=&#8221;0&#8243; header_2_font_size_tablet=&#8221;48px&#8221; header_2_font_size_phone=&#8221;36px&#8221; header_2_font_size_last_edited=&#8221;on|phone&#8221; header_2_line_height_tablet=&#8221;1.2em&#8221; header_2_line_height_phone=&#8221;1.2em&#8221; header_2_line_height_last_edited=&#8221;on|tablet&#8221; custom_css_main_element=&#8221;margin: auto;&#8221; border_radii=&#8221;on|20px|20px|20px|20px&#8221; box_shadow_style=&#8221;preset1&#8243; locked=&#8221;off&#8221; inline_fonts=&#8221;Gotham Bold&#8221; global_colors_info=&#8221;{}&#8221; sticky_enabled=&#8221;0&#8243;]<\/p>\n<h2><strong style=\"font-family: Rowan, Georgia, serif; font-size: 30px;\"><span style=\"color: #000000;\">VENUE<\/span><\/strong><\/h2>\n<p><span style=\"color: #000000;\"><strong data-rich-text-format-boundary=\"true\"><span>Paris Expo Porte de Versailles<\/span><br \/><span>Hall 1<\/span><br \/><span>1 Place de la Porte de Versailles<\/span><br \/><span>75015 PARIS<\/span><\/strong><\/span><\/p>\n<p>[\/et_pb_text][et_pb_button button_url=&#8221;https:\/\/www.viamichelin.fr\/&#8221; url_new_window=&#8221;on&#8221; button_text=&#8221;Plan your journey&#8221; button_alignment=&#8221;center&#8221; module_class=&#8221;inline-element et_pb_button-black&#8221; _builder_version=&#8221;4.20.2&#8243; _module_preset=&#8221;default&#8221; custom_button=&#8221;on&#8221; button_text_size=&#8221;22px&#8221; button_text_color=&#8221;#3B1A15&#8243; button_bg_color=&#8221;#F6D4C3&#8243; button_border_width=&#8221;0px&#8221; button_border_radius=&#8221;10px&#8221; button_font=&#8221;Gotham Book||||||||&#8221; button_icon=&#8221;&#x24;||divi||400&#8243; button_icon_color=&#8221;#FFFFFF&#8221; button_on_hover=&#8221;off&#8221; custom_margin=&#8221;30px||30px||true|false&#8221; custom_padding=&#8221;|||17px||&#8221; animation_direction=&#8221;left&#8221; hover_enabled=&#8221;0&#8243; button_text_size_tablet=&#8221;18px&#8221; button_text_size_phone=&#8221;16px&#8221; button_text_size_last_edited=&#8221;on|desktop&#8221; box_shadow_style=&#8221;preset1&#8243; global_colors_info=&#8221;{}&#8221; sticky_enabled=&#8221;0&#8243;][\/et_pb_button][\/et_pb_column][\/et_pb_row][\/et_pb_section][et_pb_section fb_built=&#8221;1&#8243; custom_padding_last_edited=&#8221;off|desktop&#8221; disabled_on=&#8221;off|off|off&#8221; admin_label=&#8221;Team&#8221; _builder_version=&#8221;4.20.2&#8243; _module_preset=&#8221;default&#8221; background_color=&#8221;RGBA(255,255,255,0)&#8221; background_enable_image=&#8221;off&#8221; custom_margin=&#8221;||||false|false&#8221; custom_padding=&#8221;||||false|false&#8221; custom_padding_tablet=&#8221;70px||80px||false|false&#8221; custom_padding_phone=&#8221;60px||60px||false|false&#8221; global_colors_info=&#8221;{}&#8221;][et_pb_row custom_padding_last_edited=&#8221;on|phone&#8221; _builder_version=&#8221;4.20.2&#8243; _module_preset=&#8221;default&#8221; width=&#8221;90%&#8221; custom_padding=&#8221;0px||0px|0px|false|false&#8221; custom_padding_tablet=&#8221;|||30px|false|false&#8221; custom_padding_phone=&#8221;|||20px|false|false&#8221; hover_enabled=&#8221;0&#8243; locked=&#8221;off&#8221; global_colors_info=&#8221;{}&#8221; max_width=&#8221;1400px&#8221; sticky_enabled=&#8221;0&#8243;][et_pb_column type=&#8221;4_4&#8243; _builder_version=&#8221;4.27.4&#8243; _module_preset=&#8221;default&#8221; global_colors_info=&#8221;{}&#8221;][et_pb_text _builder_version=&#8221;4.20.2&#8243; _module_preset=&#8221;8ab2b4f1-11e5-4a89-9271-8cf8d8057f76&#8243; header_2_font=&#8221;Gotham Light|||on|||||&#8221; header_2_text_color=&#8221;#3B1A15&#8243; header_2_font_size=&#8221;36px&#8221; header_2_line_height=&#8221;42px&#8221; custom_margin=&#8221;|0px|25px|0px|false|false&#8221; custom_padding=&#8221;0px|0px|0px|0px|false|false&#8221; animation_direction=&#8221;left&#8221; hover_enabled=&#8221;0&#8243; header_2_font_size_tablet=&#8221;28px&#8221; header_2_font_size_phone=&#8221;22px&#8221; header_2_font_size_last_edited=&#8221;on|phone&#8221; header_2_line_height_tablet=&#8221;34px&#8221; header_2_line_height_phone=&#8221;28px&#8221; header_2_line_height_last_edited=&#8221;on|desktop&#8221; inline_fonts=&#8221;Gotham Bold&#8221; global_colors_info=&#8221;{}&#8221; sticky_enabled=&#8221;0&#8243;]<\/p>\n<h2><span style=\"font-family: Gotham Bold;\">DATES &amp; OPENING HOURS<\/span><\/h2>\n<p>[\/et_pb_text][\/et_pb_column][\/et_pb_row][et_pb_row column_structure=&#8221;1_3,1_3,1_3&#8243; use_custom_gutter=&#8221;on&#8221; gutter_width=&#8221;2&#8243; make_equal=&#8221;on&#8221; _builder_version=&#8221;4.20.2&#8243; _module_preset=&#8221;default&#8221; width=&#8221;90%&#8221; max_width=&#8221;1400px&#8221; custom_padding=&#8221;|0px|0px|0px|false|false&#8221; hover_enabled=&#8221;0&#8243; global_colors_info=&#8221;{}&#8221; sticky_enabled=&#8221;0&#8243;][et_pb_column type=&#8221;1_3&#8243; _builder_version=&#8221;4.20.2&#8243; _module_preset=&#8221;default&#8221; background_color=&#8221;#3B1A15&#8243; background_enable_image=&#8221;off&#8221; custom_padding=&#8221;25px|25px|25px|25px|true|true&#8221; scroll_vertical_motion=&#8221;0|44|44|100|4|0|-4&#8243; box_shadow_style=&#8221;preset1&#8243; global_colors_info=&#8221;{}&#8221;][et_pb_text _builder_version=&#8221;4.20.2&#8243; _module_preset=&#8221;8ab2b4f1-11e5-4a89-9271-8cf8d8057f76&#8243; header_3_font=&#8221;Gotham Bold||||||||&#8221; header_3_text_color=&#8221;#F6D4C3&#8243; header_3_font_size=&#8221;24px&#8221; header_3_line_height=&#8221;1.2em&#8221; custom_margin=&#8221;20px||||false|false&#8221; hover_enabled=&#8221;0&#8243; global_colors_info=&#8221;{}&#8221; sticky_enabled=&#8221;0&#8243;]<\/p>\n<h3 style=\"text-align: center;\">Tuesday, 8 December 2026<\/h3>\n<h3 style=\"text-align: center;\">9:00 am\u20137:00 pm<\/h3>\n<p>[\/et_pb_text][\/et_pb_column][et_pb_column type=&#8221;1_3&#8243; _builder_version=&#8221;4.20.2&#8243; _module_preset=&#8221;default&#8221; background_color=&#8221;#F6D4C3&#8243; background_enable_image=&#8221;off&#8221; custom_padding=&#8221;25px|25px|25px|25px|true|true&#8221; box_shadow_style=&#8221;preset1&#8243; global_colors_info=&#8221;{}&#8221;][et_pb_text _builder_version=&#8221;4.20.2&#8243; _module_preset=&#8221;8ab2b4f1-11e5-4a89-9271-8cf8d8057f76&#8243; header_3_font=&#8221;Gotham Bold||||||||&#8221; header_3_text_color=&#8221;#3B1A15&#8243; header_3_font_size=&#8221;24px&#8221; header_3_line_height=&#8221;1.2em&#8221; custom_margin=&#8221;20px||||false|false&#8221; hover_enabled=&#8221;0&#8243; global_colors_info=&#8221;{}&#8221; sticky_enabled=&#8221;0&#8243;]<\/p>\n<h3 style=\"text-align: center;\">Wednesday, 9 December 2026<\/h3>\n<h3 style=\"text-align: center;\">9:00 am\u20139:00 pm<\/h3>\n<p>[\/et_pb_text][\/et_pb_column][et_pb_column type=&#8221;1_3&#8243; _builder_version=&#8221;4.20.2&#8243; _module_preset=&#8221;default&#8221; background_color=&#8221;#3B1A15&#8243; background_enable_image=&#8221;off&#8221; custom_padding=&#8221;25px|25px|25px|25px|true|true&#8221; box_shadow_style=&#8221;preset1&#8243; global_colors_info=&#8221;{}&#8221;][et_pb_text _builder_version=&#8221;4.20.2&#8243; _module_preset=&#8221;8ab2b4f1-11e5-4a89-9271-8cf8d8057f76&#8243; header_3_font=&#8221;Gotham Bold||||||||&#8221; header_3_text_color=&#8221;#F6D4C3&#8243; header_3_font_size=&#8221;24px&#8221; header_3_line_height=&#8221;1.2em&#8221; custom_margin=&#8221;20px||||false|false&#8221; hover_enabled=&#8221;0&#8243; global_colors_info=&#8221;{}&#8221; sticky_enabled=&#8221;0&#8243;]<\/p>\n<h3 style=\"text-align: center;\">Thursday, 10 December 2026<\/h3>\n<h3 style=\"text-align: center;\">9:00 am\u20135:00 pm<\/h3>\n<p>[\/et_pb_text][\/et_pb_column][\/et_pb_row][\/et_pb_section][et_pb_section fb_built=&#8221;1&#8243; _builder_version=&#8221;4.20.2&#8243; _module_preset=&#8221;default&#8221; background_color=&#8221;#f6f6f6&#8243; background_enable_image=&#8221;off&#8221; custom_padding=&#8221;||20px||false|false&#8221; global_colors_info=&#8221;{}&#8221;][et_pb_row custom_padding_last_edited=&#8221;on|phone&#8221; _builder_version=&#8221;4.20.2&#8243; _module_preset=&#8221;default&#8221; width=&#8221;90%&#8221; custom_padding=&#8221;0px||0px|0px|false|false&#8221; custom_padding_tablet=&#8221;|||30px|false|false&#8221; custom_padding_phone=&#8221;|||20px|false|false&#8221; hover_enabled=&#8221;0&#8243; locked=&#8221;off&#8221; global_colors_info=&#8221;{}&#8221; max_width=&#8221;1400px&#8221; sticky_enabled=&#8221;0&#8243;][et_pb_column type=&#8221;4_4&#8243; _builder_version=&#8221;4.27.4&#8243; _module_preset=&#8221;default&#8221; global_colors_info=&#8221;{}&#8221;][et_pb_text _builder_version=&#8221;4.20.2&#8243; _module_preset=&#8221;8ab2b4f1-11e5-4a89-9271-8cf8d8057f76&#8243; header_2_font=&#8221;Gotham Light|||on|||||&#8221; header_2_text_color=&#8221;#3B1A15&#8243; header_2_font_size=&#8221;36px&#8221; header_2_line_height=&#8221;42px&#8221; custom_margin=&#8221;|0px|25px|0px|false|false&#8221; custom_padding=&#8221;0px|0px|0px|0px|false|false&#8221; animation_direction=&#8221;left&#8221; hover_enabled=&#8221;0&#8243; header_2_font_size_tablet=&#8221;28px&#8221; header_2_font_size_phone=&#8221;22px&#8221; header_2_font_size_last_edited=&#8221;on|phone&#8221; header_2_line_height_tablet=&#8221;34px&#8221; header_2_line_height_phone=&#8221;28px&#8221; header_2_line_height_last_edited=&#8221;on|desktop&#8221; inline_fonts=&#8221;Gotham Bold&#8221; global_colors_info=&#8221;{}&#8221; sticky_enabled=&#8221;0&#8243;]<\/p>\n<h2><span style=\"font-family: Gotham Bold;\">HOW TO GET TO SIMI <\/span>?<\/h2>\n<p>[\/et_pb_text][\/et_pb_column][\/et_pb_row][et_pb_row column_structure=&#8221;1_2,1_2&#8243; _builder_version=&#8221;4.20.2&#8243; _module_preset=&#8221;default&#8221; width=&#8221;90%&#8221; max_width=&#8221;1400px&#8221; custom_padding=&#8221;||70px||false|false&#8221; hover_enabled=&#8221;0&#8243; global_colors_info=&#8221;{}&#8221; sticky_enabled=&#8221;0&#8243;][et_pb_column type=&#8221;1_2&#8243; _builder_version=&#8221;4.20.2&#8243; _module_preset=&#8221;default&#8221; global_colors_info=&#8221;{}&#8221;][et_pb_image src=&#8221;https:\/\/www.testing.salonsimi.com\/app\/uploads\/2025\/07\/gros-plan-sur-le-passager-du-bus-scaled.jpg&#8221; title_text=&#8221;gros-plan-sur-le-passager-du-bus&#8221; _builder_version=&#8221;4.20.2&#8243; _module_preset=&#8221;default&#8221; box_shadow_style=&#8221;preset2&#8243; global_colors_info=&#8221;{}&#8221;][\/et_pb_image][\/et_pb_column][et_pb_column type=&#8221;1_2&#8243; _builder_version=&#8221;4.20.2&#8243; _module_preset=&#8221;default&#8221; global_colors_info=&#8221;{}&#8221;][et_pb_text _builder_version=&#8221;4.20.2&#8243; _module_preset=&#8221;8ab2b4f1-11e5-4a89-9271-8cf8d8057f76&#8243; text_font_size=&#8221;29px&#8221; header_2_font=&#8221;Gotham Light|||on|||||&#8221; header_2_text_color=&#8221;#3B1A15&#8243; header_2_font_size=&#8221;36px&#8221; header_2_line_height=&#8221;42px&#8221; custom_margin=&#8221;|0px|25px|0px|false|false&#8221; custom_padding=&#8221;0px|0px|0px|0px|false|false&#8221; animation_direction=&#8221;left&#8221; hover_enabled=&#8221;0&#8243; header_2_font_size_tablet=&#8221;28px&#8221; header_2_font_size_phone=&#8221;22px&#8221; header_2_font_size_last_edited=&#8221;on|phone&#8221; header_2_line_height_tablet=&#8221;34px&#8221; header_2_line_height_phone=&#8221;28px&#8221; header_2_line_height_last_edited=&#8221;on|desktop&#8221; inline_fonts=&#8221;Gotham Bold&#8221; global_colors_info=&#8221;{}&#8221; sticky_enabled=&#8221;0&#8243;]<\/p>\n<h2><span style=\"font-family: Gotham Bold;\">BY PUBLIC TRANSPORT<\/span><\/h2>\n<p>[\/et_pb_text][et_pb_text _builder_version=&#8221;4.20.2&#8243; _module_preset=&#8221;8ab2b4f1-11e5-4a89-9271-8cf8d8057f76&#8243; text_text_color=&#8221;#3B1A15&#8243; text_font_size=&#8221;18px&#8221; text_line_height=&#8221;22px&#8221; custom_margin=&#8221;||||false|false&#8221; custom_padding=&#8221;||||false|false&#8221; hover_enabled=&#8221;0&#8243; global_colors_info=&#8221;{}&#8221; sticky_enabled=&#8221;0&#8243;]<\/p>\n<p><em>As part of its CSR commitment, SIMI aims to promote sustainable mobility.<\/em><br \/><em>We recommend using public transport to travel to the event:<\/em><\/p>\n<p class=\"isSelectedEnd\">METRO<br \/>Line 12, Porte de Versailles station \u2013 Exit 2 for access to Hall 1<\/p>\n<p class=\"isSelectedEnd\">TRAM<br \/>Lines T2 and T3a, Porte de Versailles \u2013 Parc des Expositions station<\/p>\n<p class=\"isSelectedEnd\">BUS<br \/>Line 80, Porte de Versailles \u2013 Parc des Expositions stop, and Line 39, Desnouettes stop<\/p>\n<p>BIKE<br \/>V\u00e9lib\u2019 station on Avenue Ernest Renan<\/p>\n<p>[\/et_pb_text][\/et_pb_column][\/et_pb_row][et_pb_row column_structure=&#8221;1_2,1_2&#8243; make_equal=&#8221;on&#8221; _builder_version=&#8221;4.20.2&#8243; _module_preset=&#8221;default&#8221; min_height=&#8221;554.3px&#8221; custom_margin=&#8221;||0px||false|false&#8221; custom_padding=&#8221;||30px||false|false&#8221; hover_enabled=&#8221;0&#8243; global_colors_info=&#8221;{}&#8221; width=&#8221;90%&#8221; max_width=&#8221;1400px&#8221; sticky_enabled=&#8221;0&#8243;][et_pb_column type=&#8221;1_2&#8243; _builder_version=&#8221;4.20.2&#8243; _module_preset=&#8221;default&#8221; custom_padding=&#8221;||0px||false|false&#8221; global_colors_info=&#8221;{}&#8221;][et_pb_text _builder_version=&#8221;4.20.2&#8243; _module_preset=&#8221;8ab2b4f1-11e5-4a89-9271-8cf8d8057f76&#8243; header_2_font=&#8221;Gotham Light|||on|||||&#8221; header_2_text_color=&#8221;#3B1A15&#8243; header_2_font_size=&#8221;36px&#8221; header_2_line_height=&#8221;42px&#8221; custom_margin=&#8221;|0px|25px|0px|false|false&#8221; custom_padding=&#8221;0px|0px|0px|0px|false|false&#8221; animation_direction=&#8221;left&#8221; hover_enabled=&#8221;0&#8243; header_2_font_size_tablet=&#8221;28px&#8221; header_2_font_size_phone=&#8221;22px&#8221; header_2_font_size_last_edited=&#8221;on|phone&#8221; header_2_line_height_tablet=&#8221;34px&#8221; header_2_line_height_phone=&#8221;28px&#8221; header_2_line_height_last_edited=&#8221;on|desktop&#8221; inline_fonts=&#8221;Gotham Bold&#8221; global_colors_info=&#8221;{}&#8221; sticky_enabled=&#8221;0&#8243;]<\/p>\n<h2><span style=\"font-family: Gotham Bold;\">BY CAR<\/span><\/h2>\n<p>[\/et_pb_text][et_pb_text _builder_version=&#8221;4.20.2&#8243; _module_preset=&#8221;8ab2b4f1-11e5-4a89-9271-8cf8d8057f76&#8243; text_text_color=&#8221;#3B1A15&#8243; text_font_size=&#8221;18px&#8221; text_line_height=&#8221;22px&#8221; custom_margin=&#8221;||-88px|||&#8221; custom_padding=&#8221;||37px|||&#8221; hover_enabled=&#8221;0&#8243; global_colors_info=&#8221;{}&#8221; sticky_enabled=&#8221;0&#8243;]<\/p>\n<p><strong data-rich-text-format-boundary=\"true\"><span>P1 Car Park<\/span><br \/><span>2 rue d\u2019Oradour-sur-Glane, 75015 Paris<\/span><\/strong><\/p>\n<p>[\/et_pb_text][\/et_pb_column][et_pb_column type=&#8221;1_2&#8243; _builder_version=&#8221;4.20.2&#8243; _module_preset=&#8221;default&#8221; custom_padding=&#8221;||0px||false|false&#8221; global_colors_info=&#8221;{}&#8221;][et_pb_image src=&#8221;https:\/\/www.testing.salonsimi.com\/app\/uploads\/2025\/07\/vue-rapprochee-de-l-indicateur-de-niveau-de-carburant-dans-le-vehicule-1-1-scaled.jpg&#8221; title_text=&#8221;vue-rapprochee-de-l-indicateur-de-niveau-de-carburant-dans-le-vehicule (1) (1)&#8221; _builder_version=&#8221;4.20.2&#8243; _module_preset=&#8221;default&#8221; custom_margin=&#8221;||0px||false|false&#8221; custom_padding=&#8221;||0px|||&#8221; box_shadow_style=&#8221;preset2&#8243; global_colors_info=&#8221;{}&#8221;][\/et_pb_image][\/et_pb_column][\/et_pb_row][et_pb_row column_structure=&#8221;1_2,1_2&#8243; _builder_version=&#8221;4.20.2&#8243; _module_preset=&#8221;default&#8221; custom_padding=&#8221;||0px|||&#8221; hover_enabled=&#8221;0&#8243; global_colors_info=&#8221;{}&#8221; width=&#8221;90%&#8221; max_width=&#8221;1400px&#8221; sticky_enabled=&#8221;0&#8243;][et_pb_column type=&#8221;1_2&#8243; _builder_version=&#8221;4.20.2&#8243; _module_preset=&#8221;default&#8221; global_colors_info=&#8221;{}&#8221;][et_pb_image src=&#8221;https:\/\/www.testing.salonsimi.com\/app\/uploads\/2025\/07\/aile-d-avion-et-coucher-de-soleil-sur-ciel-bleu-1-scaled.jpg&#8221; title_text=&#8221;aile-d-avion-et-coucher-de-soleil-sur-ciel-bleu (1)&#8221; _builder_version=&#8221;4.20.2&#8243; _module_preset=&#8221;default&#8221; box_shadow_style=&#8221;preset2&#8243; global_colors_info=&#8221;{}&#8221;][\/et_pb_image][\/et_pb_column][et_pb_column type=&#8221;1_2&#8243; _builder_version=&#8221;4.20.2&#8243; _module_preset=&#8221;default&#8221; global_colors_info=&#8221;{}&#8221;][et_pb_text _builder_version=&#8221;4.20.2&#8243; _module_preset=&#8221;8ab2b4f1-11e5-4a89-9271-8cf8d8057f76&#8243; header_2_font=&#8221;Gotham Light|||on|||||&#8221; header_2_text_color=&#8221;#3B1A15&#8243; header_2_font_size=&#8221;36px&#8221; header_2_line_height=&#8221;42px&#8221; custom_margin=&#8221;|0px|25px|0px|false|false&#8221; custom_padding=&#8221;0px|0px|0px|0px|false|false&#8221; animation_direction=&#8221;left&#8221; hover_enabled=&#8221;0&#8243; header_2_font_size_tablet=&#8221;28px&#8221; header_2_font_size_phone=&#8221;22px&#8221; header_2_font_size_last_edited=&#8221;on|phone&#8221; header_2_line_height_tablet=&#8221;34px&#8221; header_2_line_height_phone=&#8221;28px&#8221; header_2_line_height_last_edited=&#8221;on|desktop&#8221; inline_fonts=&#8221;Gotham Bold&#8221; global_colors_info=&#8221;{}&#8221; sticky_enabled=&#8221;0&#8243;]<\/p>\n<h2><span style=\"font-family: Gotham Bold;\">BY PLANE<\/span><\/h2>\n<p>[\/et_pb_text][et_pb_text _builder_version=&#8221;4.20.2&#8243; _module_preset=&#8221;8ab2b4f1-11e5-4a89-9271-8cf8d8057f76&#8243; text_text_color=&#8221;#3B1A15&#8243; text_font_size=&#8221;18px&#8221; text_line_height=&#8221;22px&#8221; custom_margin=&#8221;||||false|false&#8221; custom_padding=&#8221;||||false|false&#8221; hover_enabled=&#8221;0&#8243; global_colors_info=&#8221;{}&#8221; sticky_enabled=&#8221;0&#8243;]<\/p>\n<p><strong><span>From Paris-Charles de Gaulle Airport \u2013 45 minutes by taxi<\/span><\/strong><\/p>\n<p class=\"isSelectedEnd\">\u2013 RoissyBus to Paris \u2013 Op\u00e9ra, Metro Line 8 towards Balard to Madeleine, then Metro Line 12 towards Mairie d\u2019Issy to Porte de Versailles \u2013 Parc des Expositions<\/p>\n<p class=\"isSelectedEnd\">\u2013 RER B towards Saint-R\u00e9my-l\u00e8s-Chevreuse to Cit\u00e9 Universitaire, then Tram T3 towards Pont du Garigliano to Porte de Versailles \u2013 Parc des Expositions<\/p>\n<p class=\"isSelectedEnd\"><strong><span>From Paris-Orly Airport \u2013 20 minutes by taxi<\/span><\/strong><\/p>\n<p class=\"isSelectedEnd\">\u2013 Orlyval to Antony, RER B towards Charles de Gaulle Airport to Cit\u00e9 Universitaire, then Tram T3 towards Pont du Garigliano to Porte de Versailles \u2013 Parc des Expositions<\/p>\n<p>\u2013 Orlybus to Denfert-Rochereau, RER B towards Charles de Gaulle Airport to Cit\u00e9 Universitaire, then Tram T3 towards Pont du Garigliano to Porte de Versailles \u2013 Parc des Expositions<\/p>\n<p>[\/et_pb_text][\/et_pb_column][\/et_pb_row][\/et_pb_section][et_pb_section fb_built=&#8221;1&#8243; _builder_version=&#8221;4.20.2&#8243; _module_preset=&#8221;default&#8221; background_color=&#8221;#F6D4C3&#8243; global_colors_info=&#8221;{}&#8221;][et_pb_row _builder_version=&#8221;4.20.2&#8243; _module_preset=&#8221;default&#8221; global_colors_info=&#8221;{}&#8221;][et_pb_column type=&#8221;4_4&#8243; _builder_version=&#8221;4.20.2&#8243; _module_preset=&#8221;default&#8221; global_colors_info=&#8221;{}&#8221;][et_pb_text _builder_version=&#8221;4.20.2&#8243; _module_preset=&#8221;default&#8221; text_text_color=&#8221;#3B1A15&#8243; header_2_text_color=&#8221;#3B1A15&#8243; hover_enabled=&#8221;0&#8243; global_colors_info=&#8221;{}&#8221; sticky_enabled=&#8221;0&#8243;]<\/p>\n<div class=\"et_pb_module et_pb_text et_pb_text_19  et_pb_text_align_left et_pb_bg_layout_light\">\n<div class=\"et_pb_text_inner\">\n<h2><strong>Want to learn more about the carbon footprint of your journey?<\/strong><\/h2>\n<\/div>\n<\/div>\n<div class=\"et_pb_module et_pb_text et_pb_text_20  et_pb_text_align_left et_pb_bg_layout_light\">\n<div class=\"et_pb_text_inner\">\n<p>With the Impact CO2 tool, you can easily calculate the impact of your journeys and explore more environmentally friendly alternatives.<\/p>\n<\/div>\n<\/div>\n<p>[\/et_pb_text][et_pb_code _builder_version=&#8221;4.20.2&#8243; _module_preset=&#8221;default&#8221; global_colors_info=&#8221;{}&#8221;]<script name=\"impact-co2\" src=\"https:\/\/impactco2.fr\/iframe.js\" data-type=\"transport\" data-search=\"?theme=default&#038;language=fr&#038;tabs=itineraire&#038;mode=comparison&#038;modes=avion,tgv,voiturethermique,voitureelectrique,autocar\"><\/script>[\/et_pb_code][\/et_pb_column][\/et_pb_row][\/et_pb_section]<\/p>\n","protected":false},"excerpt":{"rendered":"<p><div class=\"et_pb_with_border et_pb_module dsm_breadcrumbs dsm_breadcrumbs_0\">\n\t\t\t\t\n\t\t\t\t\n\t\t\t\t\n\t\t\t\t\n\t\t\t\t\n\t\t\t\t\n\t\t\t\t<div class=\"et_pb_module_inner\">\n\t\t\t\t\t<nav class=\"dsm_breadcrumbs_wrap\">\n\t\t\t\t<ul class=\"dsm_breadcrumbs\" itemscope itemtype=\"https:\/\/schema.org\/BreadcrumbList\">\t\t\t<li class=\"dsm_breadcrumbs_item dsm_home_item dsm_home_item_custom\" itemprop=\"itemListElement\" itemscope\n\t\t\titemtype=\"https:\/\/schema.org\/ListItem\">\n\t\t\t\t<a href=\"https:\/\/www.salonsimi.com\/en\/\" itemprop=\"item\" target=\"\">\n\t\t\t\t\t<span class='dsm_home_text_wrapper'>\n\t\t\t\t\t\t\t\t\t\t\t\t\t<span class=\"et-pb-icon dsm_home_icon\">&#xf015;<\/span>\n\t\t\t\t\t\t\t\t\t\t\t\t\t<span class=\"dsm_home_text\" itemprop=\"name\">\n\t\t\t\t\t\t\t\tAccueil\t\t\t\t\t\t\t<\/span>\n\t\t\t\t\t<\/span>\n\t\t\t\t<\/a>\n\t\t\t\t<meta itemprop=\"position\" content=\"1\" \/>\n\t\t\t<\/li>\n\n\t\t<li class=\"dsm_breadcrumbs_separator\"> <span class=\"et-pb-icon dsm_separator_icon\">&#x39;<\/span><\/li><\/ul>\n\t\t\t<\/nav>\n\t\t\t\t<\/div>\n\t\t\t<\/div> PRACTICAL INFORMATIONVENUE Paris Expo Porte de VersaillesHall 11 Place de la Porte de Versailles75015 PARISDATES &amp; OPENING HOURSTuesday, 8 December 2026 9:00 am\u20137:00 pmWednesday, 9 December 2026 9:00 am\u20139:00 pmThursday, 10 December 2026 9:00 am\u20135:00 pmHOW TO GET TO SIMI ?BY PUBLIC TRANSPORTAs part of its CSR commitment, SIMI aims to promote sustainable mobility.We recommend using public transport to travel to the event: METROLine 12, Porte de Versailles station \u2013 Exit 2 for access to Hall 1 TRAMLines T2 and T3a, Porte de Versailles \u2013 Parc des Expositions station BUSLine 80, Porte de Versailles \u2013 Parc des Expositions stop, and Line 39, Desnouettes stop BIKEV\u00e9lib\u2019 station on Avenue Ernest RenanBY CARP1 Car Park2 rue d\u2019Oradour-sur-Glane, 75015 ParisBY PLANEFrom Paris-Charles de Gaulle Airport \u2013 45 minutes by taxi \u2013 RoissyBus to Paris \u2013 Op\u00e9ra, Metro Line 8 towards Balard to Madeleine, then Metro Line 12 towards Mairie d\u2019Issy to Porte de Versailles \u2013 Parc des Expositions \u2013 RER B towards Saint-R\u00e9my-l\u00e8s-Chevreuse to Cit\u00e9 Universitaire, then Tram T3 towards Pont du Garigliano to Porte de Versailles \u2013 Parc des Expositions From Paris-Orly Airport \u2013 20 minutes [&hellip;]<\/p>\n","protected":false},"author":9,"featured_media":9262,"parent":9512,"menu_order":0,"comment_status":"closed","ping_status":"closed","template":"","meta":{"_et_pb_use_builder":"on","_et_pb_old_content":"<p>\u00a0<\/p><div id=\"audd-recorder-marker\" style=\"display: none;\">\u00a0<\/div>","_et_gb_content_width":"","inline_featured_image":false,"footnotes":""},"class_list":["post-13559","page","type-page","status-publish","has-post-thumbnail","hentry"],"acf":[],"yoast_head":"<!-- This site is optimized with the Yoast SEO plugin v23.9 - https:\/\/yoast.com\/wordpress\/plugins\/seo\/ -->\n<title>Practical Information - Salon de l&#039;investissement Immobilier (SIMI)<\/title>\n<meta name=\"description\" content=\"Dates et horaires du salon, le lieu, comment y acc\u00e9der, toutes les informations pratiques pour participer au SIMI\" \/>\n<meta name=\"robots\" content=\"index, follow, max-snippet:-1, max-image-preview:large, max-video-preview:-1\" \/>\n<link rel=\"canonical\" href=\"https:\/\/www.salonsimi.com\/en\/visiter-le-simi\/practical-information\/\" \/>\n<meta property=\"og:locale\" content=\"en_US\" \/>\n<meta property=\"og:type\" content=\"article\" \/>\n<meta property=\"og:title\" content=\"Practical Information - Salon de l&#039;investissement Immobilier (SIMI)\" \/>\n<meta property=\"og:description\" content=\"Dates et horaires du salon, le lieu, comment y acc\u00e9der, toutes les informations pratiques pour participer au SIMI\" \/>\n<meta property=\"og:url\" content=\"https:\/\/www.salonsimi.com\/en\/visiter-le-simi\/practical-information\/\" \/>\n<meta property=\"og:site_name\" content=\"Salon de l&#039;investissement Immobilier (SIMI)\" \/>\n<meta property=\"article:modified_time\" content=\"2026-09-04T13:21:29+00:00\" \/>\n<meta property=\"og:image\" content=\"https:\/\/www.salonsimi.com\/app\/uploads\/2025\/06\/banniere_simi25_300x300.jpg\" \/>\n\t<meta property=\"og:image:width\" content=\"300\" \/>\n\t<meta property=\"og:image:height\" content=\"300\" \/>\n\t<meta property=\"og:image:type\" content=\"image\/jpeg\" \/>\n<meta name=\"twitter:card\" content=\"summary_large_image\" \/>\n<meta name=\"twitter:label1\" content=\"Est. reading time\" \/>\n\t<meta name=\"twitter:data1\" content=\"3 minutes\" \/>\n<script type=\"application\/ld+json\" class=\"yoast-schema-graph\">{\"@context\":\"https:\/\/schema.org\",\"@graph\":[{\"@type\":\"WebPage\",\"@id\":\"https:\/\/www.salonsimi.com\/en\/visiter-le-simi\/practical-information\/\",\"url\":\"https:\/\/www.salonsimi.com\/en\/visiter-le-simi\/practical-information\/\",\"name\":\"Practical Information - Salon de l&#039;investissement Immobilier (SIMI)\",\"isPartOf\":{\"@id\":\"https:\/\/www.salonsimi.com\/#website\"},\"primaryImageOfPage\":{\"@id\":\"https:\/\/www.salonsimi.com\/en\/visiter-le-simi\/practical-information\/#primaryimage\"},\"image\":{\"@id\":\"https:\/\/www.salonsimi.com\/en\/visiter-le-simi\/practical-information\/#primaryimage\"},\"thumbnailUrl\":\"https:\/\/www.salonsimi.com\/app\/uploads\/2025\/06\/banniere_simi25_300x300.jpg\",\"datePublished\":\"2026-09-04T13:09:28+00:00\",\"dateModified\":\"2026-09-04T13:21:29+00:00\",\"description\":\"Dates et horaires du salon, le lieu, comment y acc\u00e9der, toutes les informations pratiques pour participer au SIMI\",\"breadcrumb\":{\"@id\":\"https:\/\/www.salonsimi.com\/en\/visiter-le-simi\/practical-information\/#breadcrumb\"},\"inLanguage\":\"en-US\",\"potentialAction\":[{\"@type\":\"ReadAction\",\"target\":[\"https:\/\/www.salonsimi.com\/en\/visiter-le-simi\/practical-information\/\"]}]},{\"@type\":\"ImageObject\",\"inLanguage\":\"en-US\",\"@id\":\"https:\/\/www.salonsimi.com\/en\/visiter-le-simi\/practical-information\/#primaryimage\",\"url\":\"https:\/\/www.salonsimi.com\/app\/uploads\/2025\/06\/banniere_simi25_300x300.jpg\",\"contentUrl\":\"https:\/\/www.salonsimi.com\/app\/uploads\/2025\/06\/banniere_simi25_300x300.jpg\",\"width\":300,\"height\":300,\"caption\":\"Banni\u00e8re SIMI avec les dates\"},{\"@type\":\"BreadcrumbList\",\"@id\":\"https:\/\/www.salonsimi.com\/en\/visiter-le-simi\/practical-information\/#breadcrumb\",\"itemListElement\":[{\"@type\":\"ListItem\",\"position\":1,\"name\":\"Home\",\"item\":\"https:\/\/www.salonsimi.com\/\"},{\"@type\":\"ListItem\",\"position\":2,\"name\":\"Visiter le SIMI\",\"item\":\"https:\/\/www.salonsimi.com\/visiter-le-simi\/\"},{\"@type\":\"ListItem\",\"position\":3,\"name\":\"Practical Information\"}]},{\"@type\":\"WebSite\",\"@id\":\"https:\/\/www.salonsimi.com\/#website\",\"url\":\"https:\/\/www.salonsimi.com\/\",\"name\":\"Salon de l'investissement Immobilier (SIMI)\",\"description\":\"Salon de l&#039;investissement Immobilier (SIMI)\",\"publisher\":{\"@id\":\"https:\/\/www.salonsimi.com\/#organization\"},\"potentialAction\":[{\"@type\":\"SearchAction\",\"target\":{\"@type\":\"EntryPoint\",\"urlTemplate\":\"https:\/\/www.salonsimi.com\/?s={search_term_string}\"},\"query-input\":{\"@type\":\"PropertyValueSpecification\",\"valueRequired\":true,\"valueName\":\"search_term_string\"}}],\"inLanguage\":\"en-US\"},{\"@type\":\"Organization\",\"@id\":\"https:\/\/www.salonsimi.com\/#organization\",\"name\":\"Salon de l'investissement Immobilier (SIMI)\",\"url\":\"https:\/\/www.salonsimi.com\/\",\"logo\":{\"@type\":\"ImageObject\",\"inLanguage\":\"en-US\",\"@id\":\"https:\/\/www.salonsimi.com\/#\/schema\/logo\/image\/\",\"url\":\"https:\/\/www.salonsimi.com\/app\/uploads\/2025\/07\/simi-logo-svg.svg\",\"contentUrl\":\"https:\/\/www.salonsimi.com\/app\/uploads\/2025\/07\/simi-logo-svg.svg\",\"width\":149,\"height\":72,\"caption\":\"Salon de l'investissement Immobilier (SIMI)\"},\"image\":{\"@id\":\"https:\/\/www.salonsimi.com\/#\/schema\/logo\/image\/\"}}]}<\/script>\n<!-- \/ Yoast SEO plugin. -->","yoast_head_json":{"title":"Practical Information - Salon de l&#039;investissement Immobilier (SIMI)","description":"Dates et horaires du salon, le lieu, comment y acc\u00e9der, toutes les informations pratiques pour participer au SIMI","robots":{"index":"index","follow":"follow","max-snippet":"max-snippet:-1","max-image-preview":"max-image-preview:large","max-video-preview":"max-video-preview:-1"},"canonical":"https:\/\/www.salonsimi.com\/en\/visiter-le-simi\/practical-information\/","og_locale":"en_US","og_type":"article","og_title":"Practical Information - Salon de l&#039;investissement Immobilier (SIMI)","og_description":"Dates et horaires du salon, le lieu, comment y acc\u00e9der, toutes les informations pratiques pour participer au SIMI","og_url":"https:\/\/www.salonsimi.com\/en\/visiter-le-simi\/practical-information\/","og_site_name":"Salon de l&#039;investissement Immobilier (SIMI)","article_modified_time":"2026-09-04T13:21:29+00:00","og_image":[{"width":300,"height":300,"url":"https:\/\/www.salonsimi.com\/app\/uploads\/2025\/06\/banniere_simi25_300x300.jpg","type":"image\/jpeg"}],"twitter_card":"summary_large_image","twitter_misc":{"Est. reading time":"3 minutes"},"schema":{"@context":"https:\/\/schema.org","@graph":[{"@type":"WebPage","@id":"https:\/\/www.salonsimi.com\/en\/visiter-le-simi\/practical-information\/","url":"https:\/\/www.salonsimi.com\/en\/visiter-le-simi\/practical-information\/","name":"Practical Information - Salon de l&#039;investissement Immobilier (SIMI)","isPartOf":{"@id":"https:\/\/www.salonsimi.com\/#website"},"primaryImageOfPage":{"@id":"https:\/\/www.salonsimi.com\/en\/visiter-le-simi\/practical-information\/#primaryimage"},"image":{"@id":"https:\/\/www.salonsimi.com\/en\/visiter-le-simi\/practical-information\/#primaryimage"},"thumbnailUrl":"https:\/\/www.salonsimi.com\/app\/uploads\/2025\/06\/banniere_simi25_300x300.jpg","datePublished":"2026-09-04T13:09:28+00:00","dateModified":"2026-09-04T13:21:29+00:00","description":"Dates et horaires du salon, le lieu, comment y acc\u00e9der, toutes les informations pratiques pour participer au SIMI","breadcrumb":{"@id":"https:\/\/www.salonsimi.com\/en\/visiter-le-simi\/practical-information\/#breadcrumb"},"inLanguage":"en-US","potentialAction":[{"@type":"ReadAction","target":["https:\/\/www.salonsimi.com\/en\/visiter-le-simi\/practical-information\/"]}]},{"@type":"ImageObject","inLanguage":"en-US","@id":"https:\/\/www.salonsimi.com\/en\/visiter-le-simi\/practical-information\/#primaryimage","url":"https:\/\/www.salonsimi.com\/app\/uploads\/2025\/06\/banniere_simi25_300x300.jpg","contentUrl":"https:\/\/www.salonsimi.com\/app\/uploads\/2025\/06\/banniere_simi25_300x300.jpg","width":300,"height":300,"caption":"Banni\u00e8re SIMI avec les dates"},{"@type":"BreadcrumbList","@id":"https:\/\/www.salonsimi.com\/en\/visiter-le-simi\/practical-information\/#breadcrumb","itemListElement":[{"@type":"ListItem","position":1,"name":"Home","item":"https:\/\/www.salonsimi.com\/"},{"@type":"ListItem","position":2,"name":"Visiter le SIMI","item":"https:\/\/www.salonsimi.com\/visiter-le-simi\/"},{"@type":"ListItem","position":3,"name":"Practical Information"}]},{"@type":"WebSite","@id":"https:\/\/www.salonsimi.com\/#website","url":"https:\/\/www.salonsimi.com\/","name":"Salon de l'investissement Immobilier (SIMI)","description":"Salon de l&#039;investissement Immobilier (SIMI)","publisher":{"@id":"https:\/\/www.salonsimi.com\/#organization"},"potentialAction":[{"@type":"SearchAction","target":{"@type":"EntryPoint","urlTemplate":"https:\/\/www.salonsimi.com\/?s={search_term_string}"},"query-input":{"@type":"PropertyValueSpecification","valueRequired":true,"valueName":"search_term_string"}}],"inLanguage":"en-US"},{"@type":"Organization","@id":"https:\/\/www.salonsimi.com\/#organization","name":"Salon de l'investissement Immobilier (SIMI)","url":"https:\/\/www.salonsimi.com\/","logo":{"@type":"ImageObject","inLanguage":"en-US","@id":"https:\/\/www.salonsimi.com\/#\/schema\/logo\/image\/","url":"https:\/\/www.salonsimi.com\/app\/uploads\/2025\/07\/simi-logo-svg.svg","contentUrl":"https:\/\/www.salonsimi.com\/app\/uploads\/2025\/07\/simi-logo-svg.svg","width":149,"height":72,"caption":"Salon de l'investissement Immobilier (SIMI)"},"image":{"@id":"https:\/\/www.salonsimi.com\/#\/schema\/logo\/image\/"}}]}},"_links":{"self":[{"href":"https:\/\/www.salonsimi.com\/en\/wp-json\/wp\/v2\/pages\/13559","targetHints":{"allow":["GET"]}}],"collection":[{"href":"https:\/\/www.salonsimi.com\/en\/wp-json\/wp\/v2\/pages"}],"about":[{"href":"https:\/\/www.salonsimi.com\/en\/wp-json\/wp\/v2\/types\/page"}],"author":[{"embeddable":true,"href":"https:\/\/www.salonsimi.com\/en\/wp-json\/wp\/v2\/users\/9"}],"replies":[{"embeddable":true,"href":"https:\/\/www.salonsimi.com\/en\/wp-json\/wp\/v2\/comments?post=13559"}],"version-history":[{"count":2,"href":"https:\/\/www.salonsimi.com\/en\/wp-json\/wp\/v2\/pages\/13559\/revisions"}],"predecessor-version":[{"id":13562,"href":"https:\/\/www.salonsimi.com\/en\/wp-json\/wp\/v2\/pages\/13559\/revisions\/13562"}],"up":[{"embeddable":true,"href":"https:\/\/www.salonsimi.com\/en\/wp-json\/wp\/v2\/pages\/9512"}],"wp:featuredmedia":[{"embeddable":true,"href":"https:\/\/www.salonsimi.com\/en\/wp-json\/wp\/v2\/media\/9262"}],"wp:attachment":[{"href":"https:\/\/www.salonsimi.com\/en\/wp-json\/wp\/v2\/media?parent=13559"}],"curies":[{"name":"wp","href":"https:\/\/api.w.org\/{rel}","templated":true}]}}