{"id":13528,"date":"2026-09-04T09:13:31","date_gmt":"2026-09-04T09:13:31","guid":{"rendered":"https:\/\/www.salonsimi.com\/?page_id=13528"},"modified":"2026-09-04T09:25:41","modified_gmt":"2026-09-04T09:25:41","slug":"private-event-spaces","status":"publish","type":"page","link":"https:\/\/www.salonsimi.com\/en\/private-event-spaces\/","title":{"rendered":"Private event spaces"},"content":{"rendered":"<p>[et_pb_section fb_built=&#8221;1&#8243; _builder_version=&#8221;4.20.2&#8243; _module_preset=&#8221;default&#8221; background_color=&#8221;#454545&#8243; background_image=&#8221;https:\/\/www.salonsimi.com\/app\/uploads\/2026\/07\/SIMI_2025_-3596.jpg&#8221; background_blend=&#8221;overlay&#8221; custom_padding=&#8221;||57px|||&#8221; global_colors_info=&#8221;{}&#8221;][et_pb_row make_equal=&#8221;on&#8221; _builder_version=&#8221;4.20.2&#8243; _module_preset=&#8221;default&#8221; min_height=&#8221;304.3px&#8221; custom_margin=&#8221;0px|auto|5px|216px|false|false&#8221; custom_padding=&#8221;50px||0px|0px|false|false&#8221; custom_css_main_element=&#8221;margin: auto;&#8221; global_colors_info=&#8221;{}&#8221;][et_pb_column type=&#8221;4_4&#8243; _builder_version=&#8221;4.20.2&#8243; _module_preset=&#8221;default&#8221; global_colors_info=&#8221;{}&#8221;][et_pb_text _builder_version=&#8221;4.20.2&#8243; _module_preset=&#8221;5fbb1855-8610-4c69-bf38-1f68f1466f1a&#8221; header_font=&#8221;|||on|||||&#8221; header_text_color=&#8221;#FFFFFF&#8221; header_font_size=&#8221;31px&#8221; header_2_font=&#8221;Gotham Book|||on|||||&#8221; header_2_text_color=&#8221;#FFFFFF&#8221; header_2_font_size=&#8221;63px&#8221; header_2_line_height=&#8221;1.2em&#8221; header_3_font=&#8221;Gotham Medium||||||||&#8221; header_3_text_color=&#8221;#FFFFFF&#8221; header_3_font_size=&#8221;32px&#8221; header_3_line_height=&#8221;1.2em&#8221; width=&#8221;60%&#8221; width_tablet=&#8221;&#8221; width_phone=&#8221;&#8221; width_last_edited=&#8221;on|tablet&#8221; custom_margin=&#8221;150px|0px||0px|false|false&#8221; custom_padding=&#8221;0px|0px|0px|0px|false|false&#8221; animation_style=&#8221;fade&#8221; animation_direction=&#8221;left&#8221; hover_enabled=&#8221;0&#8243; header_2_font_size_tablet=&#8221;48px&#8221; header_2_font_size_phone=&#8221;36px&#8221; header_2_font_size_last_edited=&#8221;on|phone&#8221; header_2_line_height_tablet=&#8221;1.2em&#8221; header_2_line_height_phone=&#8221;1.2em&#8221; header_2_line_height_last_edited=&#8221;on|tablet&#8221; locked=&#8221;off&#8221; inline_fonts=&#8221;Gotham Bold&#8221; global_colors_info=&#8221;{}&#8221; sticky_enabled=&#8221;0&#8243;]<\/p>\n<h1>Private meeting spaces<\/h1>\n<p>[\/et_pb_text][\/et_pb_column][\/et_pb_row][\/et_pb_section][et_pb_section fb_built=&#8221;1&#8243; _builder_version=&#8221;4.20.2&#8243; _module_preset=&#8221;default&#8221; custom_padding=&#8221;19px||18px|||&#8221; global_colors_info=&#8221;{}&#8221;][et_pb_row _builder_version=&#8221;4.20.2&#8243; _module_preset=&#8221;default&#8221; width=&#8221;90%&#8221; max_width=&#8221;1400px&#8221; global_colors_info=&#8221;{}&#8221;][et_pb_column type=&#8221;4_4&#8243; _builder_version=&#8221;4.20.2&#8243; _module_preset=&#8221;default&#8221; global_colors_info=&#8221;{}&#8221;][et_pb_text _builder_version=&#8221;4.20.2&#8243; _module_preset=&#8221;default&#8221; text_text_color=&#8221;#122C40&#8243; hover_enabled=&#8221;0&#8243; global_colors_info=&#8221;{}&#8221; sticky_enabled=&#8221;0&#8243;]<\/p>\n<p><span>SIMI, the must-attend event for real estate decision-makers, offers much more than an Exhibition: it is a true hub for meetings, connections, and business opportunities. <\/span><\/p>\n<p><span>Because every interaction matters, we have designed premium spaces to facilitate your business meetings and networking opportunities in the best possible conditions.<\/span><\/p>\n<p>[\/et_pb_text][\/et_pb_column][\/et_pb_row][\/et_pb_section][et_pb_section fb_built=&#8221;1&#8243; _builder_version=&#8221;4.20.2&#8243; _module_preset=&#8221;default&#8221; background_color=&#8221;gcid-610d28dd-eb23-4fae-b502-62f0b357c8fd&#8221; custom_padding=&#8221;||35px|||&#8221; global_colors_info=&#8221;{%22gcid-610d28dd-eb23-4fae-b502-62f0b357c8fd%22:%91%22background_color%22%93}&#8221;][et_pb_row column_structure=&#8221;1_2,1_2&#8243; _builder_version=&#8221;4.20.2&#8243; _module_preset=&#8221;default&#8221; width=&#8221;90%&#8221; max_width=&#8221;1400px&#8221; global_colors_info=&#8221;{}&#8221;][et_pb_column type=&#8221;1_2&#8243; _builder_version=&#8221;4.20.2&#8243; _module_preset=&#8221;default&#8221; global_colors_info=&#8221;{}&#8221;][et_pb_text _builder_version=&#8221;4.20.2&#8243; _module_preset=&#8221;default&#8221; text_text_color=&#8221;gcid-46ce43f8-a9f6-4d05-81d0-d4a4b3b20df1&#8243; header_2_text_color=&#8221;#742114&#8243; hover_enabled=&#8221;0&#8243; global_colors_info=&#8221;{%22gcid-46ce43f8-a9f6-4d05-81d0-d4a4b3b20df1%22:%91%22text_text_color%22%93}&#8221; sticky_enabled=&#8221;0&#8243;]<\/p>\n<h2><strong>Business Suites: the flexible solution<\/strong><\/h2>\n<p><span>A central, premium meeting space to welcome your prospects and clients. <\/span><\/p>\n<p><span>An ideal solution for participating in SIMI with a physical presence at a lower cost, the SIMI Business Suite is designed for companies looking to combine visibility, comfort, and efficiency<\/span><\/p>\n<p><span>\u2714 Fully fitted and furnished spaces at the heart of the exhibition area<\/span><br \/><span>\u2714 Capacity: up to 5 people<\/span><br \/><span>\u2714 Ideal for fast and effective business meetings<\/span><\/p>\n<p>[\/et_pb_text][et_pb_text _builder_version=&#8221;4.20.2&#8243; _module_preset=&#8221;default&#8221; text_text_color=&#8221;#742114&#8243; header_2_text_color=&#8221;#482b7a&#8221; hover_enabled=&#8221;0&#8243; global_colors_info=&#8221;{}&#8221; sticky_enabled=&#8221;0&#8243;]<\/p>\n<p><strong><em>Available to book for one day or for the full three-day event<\/em><\/strong><br \/><em><\/em><\/p>\n<p>[\/et_pb_text][\/et_pb_column][et_pb_column type=&#8221;1_2&#8243; _builder_version=&#8221;4.20.2&#8243; _module_preset=&#8221;default&#8221; custom_padding=&#8221;30px||||false|false&#8221; global_colors_info=&#8221;{}&#8221;][et_pb_image src=&#8221;https:\/\/www.salonsimi.com\/app\/uploads\/2026\/07\/SIMI_2025_-3587.jpg&#8221; alt=&#8221;SIMI espaces privatifs&#8221; title_text=&#8221;SIMI espaces privatifs&#8221; _builder_version=&#8221;4.20.2&#8243; _module_preset=&#8221;default&#8221; box_shadow_style=&#8221;preset1&#8243; global_colors_info=&#8221;{}&#8221;][\/et_pb_image][\/et_pb_column][\/et_pb_row][\/et_pb_section][et_pb_section fb_built=&#8221;1&#8243; _builder_version=&#8221;4.20.2&#8243; _module_preset=&#8221;default&#8221; custom_padding=&#8221;41px|||||&#8221; global_colors_info=&#8221;{}&#8221;][et_pb_row column_structure=&#8221;1_2,1_2&#8243; _builder_version=&#8221;4.20.2&#8243; _module_preset=&#8221;default&#8221; width=&#8221;90%&#8221; max_width=&#8221;1400px&#8221; global_colors_info=&#8221;{}&#8221;][et_pb_column type=&#8221;1_2&#8243; _builder_version=&#8221;4.20.2&#8243; _module_preset=&#8221;default&#8221; global_colors_info=&#8221;{}&#8221;][et_pb_text _builder_version=&#8221;4.20.2&#8243; _module_preset=&#8221;default&#8221; header_2_text_color=&#8221;#482b7a&#8221; hover_enabled=&#8221;0&#8243; global_colors_info=&#8221;{}&#8221; sticky_enabled=&#8221;0&#8243;]<\/p>\n<h2><strong>Meeting rooms: privacy and peace of mind<\/strong><\/h2>\n<p><span>To make the most of your presence at SIMI, you can book a turnkey private meeting room. Don&#8217;t let the noise and bustle of the Exhibition limit your business opportunities. <\/span><\/p>\n<p><span>We provide fully equipped meeting rooms, strategically located at the heart of SIMI, to ensure the efficiency and confidentiality of your discussions.<\/span><\/p>\n<p><span>\u2714 Private, fully equipped spaces away from public view<\/span><br \/><span>\u2714 Capacity: 4 or 10 people<\/span><br \/><span>\u2714 Ideal for strategic discussions<\/span><\/p>\n<p><em><\/em><\/p>\n<p>[\/et_pb_text][et_pb_text _builder_version=&#8221;4.20.2&#8243; _module_preset=&#8221;default&#8221; text_text_color=&#8221;#482B7A&#8221; header_2_text_color=&#8221;#482b7a&#8221; hover_enabled=&#8221;0&#8243; global_colors_info=&#8221;{}&#8221; sticky_enabled=&#8221;0&#8243;]<\/p>\n<p><strong><em>These exclusive spaces are available for half-day<br \/>or full-day bookings<\/em><\/strong><br \/><em><\/em><\/p>\n<p>[\/et_pb_text][\/et_pb_column][et_pb_column type=&#8221;1_2&#8243; _builder_version=&#8221;4.20.2&#8243; _module_preset=&#8221;default&#8221; global_colors_info=&#8221;{}&#8221;][et_pb_image src=&#8221;https:\/\/www.salonsimi.com\/app\/uploads\/2026\/07\/SIMI_2025_-109.jpg&#8221; alt=&#8221;SIMI salle de r\u00e9union&#8221; title_text=&#8221;SIMI salle de r\u00e9union&#8221; _builder_version=&#8221;4.20.2&#8243; _module_preset=&#8221;default&#8221; module_alignment=&#8221;center&#8221; custom_margin=&#8221;70px||||false|false&#8221; box_shadow_style=&#8221;preset1&#8243; global_colors_info=&#8221;{}&#8221;][\/et_pb_image][\/et_pb_column][\/et_pb_row][\/et_pb_section][et_pb_section fb_built=&#8221;1&#8243; _builder_version=&#8221;4.20.2&#8243; _module_preset=&#8221;default&#8221; background_color=&#8221;gcid-610d28dd-eb23-4fae-b502-62f0b357c8fd&#8221; global_colors_info=&#8221;{%22gcid-610d28dd-eb23-4fae-b502-62f0b357c8fd%22:%91%22background_color%22%93}&#8221;][et_pb_row _builder_version=&#8221;4.20.2&#8243; _module_preset=&#8221;default&#8221; width=&#8221;90%&#8221; max_width=&#8221;1400px&#8221; global_colors_info=&#8221;{}&#8221;][et_pb_column type=&#8221;4_4&#8243; _builder_version=&#8221;4.20.2&#8243; _module_preset=&#8221;default&#8221; global_colors_info=&#8221;{}&#8221;][et_pb_text _builder_version=&#8221;4.20.2&#8243; _module_preset=&#8221;default&#8221; text_text_color=&#8221;#3B1A15&#8243; header_2_text_color=&#8221;#3B1A15&#8243; hover_enabled=&#8221;0&#8243; global_colors_info=&#8221;{}&#8221; sticky_enabled=&#8221;0&#8243;]<\/p>\n<h2><strong>Other private spaces<span><\/span><br \/><\/strong><\/h2>\n<p><strong><\/strong><\/p>\n<p><span>If you would like to reserve a larger fully equipped room, whether for a meeting, breakfast, cocktail reception, or lunch, our teams will be happy to assist you and help you find the solution that best meets your needs.<\/span><\/p>\n<p>[\/et_pb_text][\/et_pb_column][\/et_pb_row][\/et_pb_section][et_pb_section fb_built=&#8221;1&#8243; _builder_version=&#8221;4.20.2&#8243; _module_preset=&#8221;default&#8221; background_color=&#8221;gcid-610d28dd-eb23-4fae-b502-62f0b357c8fd&#8221; background_enable_image=&#8221;off&#8221; custom_padding=&#8221;0px||||false|false&#8221; global_colors_info=&#8221;{%22gcid-610d28dd-eb23-4fae-b502-62f0b357c8fd%22:%91%22background_color%22%93}&#8221;][et_pb_row column_structure=&#8221;1_2,1_2&#8243; use_custom_gutter=&#8221;on&#8221; gutter_width=&#8221;2&#8243; module_id=&#8221;contact-commerciaux&#8221; _builder_version=&#8221;4.20.2&#8243; _module_preset=&#8221;default&#8221; background_color=&#8221;#3B1A15&#8243; background_enable_image=&#8221;off&#8221; width=&#8221;90%&#8221; max_width=&#8221;1400px&#8221; custom_margin=&#8221;||20px||false|false&#8221; global_colors_info=&#8221;{}&#8221;][et_pb_column type=&#8221;1_2&#8243; _builder_version=&#8221;4.20.2&#8243; _module_preset=&#8221;default&#8221; background_enable_image=&#8221;off&#8221; background_position=&#8221;center_left&#8221; background_horizontal_offset=&#8221;-33%&#8221; global_colors_info=&#8221;{}&#8221;][et_pb_text _builder_version=&#8221;4.20.2&#8243; _module_preset=&#8221;5fbb1855-8610-4c69-bf38-1f68f1466f1a&#8221; text_text_color=&#8221;#3B1A15&#8243; background_color=&#8221;#F6D4C3&#8243; custom_margin=&#8221;10px|20px|10px|20px|true|true&#8221; custom_padding=&#8221;10px|10px|10px|10px|true|true&#8221; hover_enabled=&#8221;0&#8243; border_radii=&#8221;on|4px|4px|4px|4px&#8221; box_shadow_style=&#8221;preset3&#8243; global_colors_info=&#8221;{}&#8221; sticky_enabled=&#8221;0&#8243;]<\/p>\n<p><strong>Matthieu GIBERT<br \/><\/strong>Head of strategic development<br \/>matthieu.gibert@infopro-digital.com<br \/>+33 6 99 05 23 05<\/p>\n<p>[\/et_pb_text][et_pb_text _builder_version=&#8221;4.20.2&#8243; _module_preset=&#8221;5fbb1855-8610-4c69-bf38-1f68f1466f1a&#8221; text_text_color=&#8221;#3B1A15&#8243; background_color=&#8221;#F6D4C3&#8243; custom_margin=&#8221;10px|20px|10px|20px|true|true&#8221; custom_padding=&#8221;10px|10px|10px|10px|true|true&#8221; hover_enabled=&#8221;0&#8243; border_radii=&#8221;on|4px|4px|4px|4px&#8221; box_shadow_style=&#8221;preset3&#8243; global_colors_info=&#8221;{}&#8221; sticky_enabled=&#8221;0&#8243;]<\/p>\n<p><strong>Johanna BILE<br \/><\/strong>Account director<br \/>johanna.bile@infopro-digital.com<br \/>+33 6 23 33 15 54<\/p>\n<p>[\/et_pb_text][\/et_pb_column][et_pb_column type=&#8221;1_2&#8243; _builder_version=&#8221;4.20.2&#8243; _module_preset=&#8221;default&#8221; global_colors_info=&#8221;{}&#8221;][et_pb_text _builder_version=&#8221;4.20.2&#8243; _module_preset=&#8221;5fbb1855-8610-4c69-bf38-1f68f1466f1a&#8221; text_text_color=&#8221;#3B1A15&#8243; background_color=&#8221;#F6D4C3&#8243; custom_margin=&#8221;10px|20px|10px|20px|true|true&#8221; custom_padding=&#8221;10px|10px|10px|10px|true|true&#8221; hover_enabled=&#8221;0&#8243; border_radii=&#8221;on|4px|4px|4px|4px&#8221; box_shadow_style=&#8221;preset3&#8243; global_colors_info=&#8221;{}&#8221; sticky_enabled=&#8221;0&#8243;]<\/p>\n<p><strong>Clara FONTES<br \/><\/strong>Sales manager<br \/>clara.fontes@infopro-digital.com<br \/>+33 6 56 28 27 95<\/p>\n<p>[\/et_pb_text][et_pb_text _builder_version=&#8221;4.20.2&#8243; _module_preset=&#8221;5fbb1855-8610-4c69-bf38-1f68f1466f1a&#8221; text_text_color=&#8221;#3B1A15&#8243; background_color=&#8221;#F6D4C3&#8243; custom_margin=&#8221;10px|20px|10px|20px|true|true&#8221; custom_padding=&#8221;10px|10px|10px|10px|true|true&#8221; hover_enabled=&#8221;0&#8243; border_radii=&#8221;on|4px|4px|4px|4px&#8221; box_shadow_style=&#8221;preset3&#8243; global_colors_info=&#8221;{}&#8221; sticky_enabled=&#8221;0&#8243;]<\/p>\n<p><strong>Pierre-Fran\u00e7ois GONZALEZ<br \/><\/strong>Sales Manager<br \/>pierre-francois.gonzalez@infopro-digital.com<br \/>+33 6 68 62 09 34<\/p>\n<p>[\/et_pb_text][\/et_pb_column][\/et_pb_row][et_pb_row use_custom_gutter=&#8221;on&#8221; gutter_width=&#8221;2&#8243; make_equal=&#8221;on&#8221; module_id=&#8221;Log&#8221; _builder_version=&#8221;4.20.2&#8243; _module_preset=&#8221;default&#8221; background_color=&#8221;#F6D4C3&#8243; background_enable_image=&#8221;off&#8221; background_blend=&#8221;darken&#8221; width=&#8221;90%&#8221; width_tablet=&#8221;90%&#8221; width_phone=&#8221;90%&#8221; width_last_edited=&#8221;on|tablet&#8221; max_width=&#8221;1400px&#8221; custom_margin=&#8221;||||false|false&#8221; custom_padding=&#8221;||||false|true&#8221; animation_direction=&#8221;bottom&#8221; locked=&#8221;off&#8221; global_colors_info=&#8221;{}&#8221;][et_pb_column type=&#8221;4_4&#8243; _builder_version=&#8221;4.20.2&#8243; _module_preset=&#8221;default&#8221; background_color=&#8221;RGBA(255,255,255,0)&#8221; background_enable_image=&#8221;off&#8221; background_blend=&#8221;multiply&#8221; custom_padding=&#8221;60px|40px|60px|40px|true|true&#8221; border_radii=&#8221;on|4px|4px|4px|4px&#8221; global_colors_info=&#8221;{}&#8221; background__hover_enabled=&#8221;off|desktop&#8221; background_color__hover=&#8221;#FFFFFF&#8221; background_enable_color__hover=&#8221;on&#8221; box_shadow_horizontal__hover_enabled=&#8221;on|hover&#8221; box_shadow_blur__hover_enabled=&#8221;off|desktop&#8221; box_shadow_horizontal__hover=&#8221;0px&#8221; box_shadow_blur__hover=&#8221;18px&#8221;][et_pb_text _builder_version=&#8221;4.20.2&#8243; _module_preset=&#8221;5fbb1855-8610-4c69-bf38-1f68f1466f1a&#8221; header_3_font=&#8221;Gotham Medium||||||||&#8221; header_3_text_color=&#8221;#3B1A15&#8243; header_3_font_size=&#8221;24px&#8221; header_3_line_height=&#8221;1.2em&#8221; custom_margin=&#8221;||37px||false|false&#8221; hover_enabled=&#8221;0&#8243; global_colors_info=&#8221;{}&#8221; sticky_enabled=&#8221;0&#8243;]<\/p>\n<h3 style=\"text-align: center;\"><strong>Request for information:<\/strong><\/h3>\n<p>[\/et_pb_text][ba_cf7_styler form_header_bg=&#8221;RGBA(255,255,255,0)&#8221; form_header_padding=&#8221;20px|0px|20px|0px|true|false&#8221; form_header_img_bg=&#8221;gcid-35ffdf4d-74e8-432d-998a-6d28768173f2&#8243; form_bg=&#8221;RGBA(255,255,255,0)&#8221; form_id=&#8221;9292&#8243; form_field_height=&#8221;60px&#8221; form_field_padding=&#8221;0px||0px||true|false&#8221; form_field_active_color=&#8221;RGBA(255,255,255,0)&#8221; form_field_spacing=&#8221;5px&#8221; form_label_spacing=&#8221;0px&#8221; cr_custom_styles=&#8221;on&#8221; cr_size=&#8221;25px&#8221; cr_background_color=&#8221;RGBA(255,255,255,0)&#8221; cr_selected_color=&#8221;RGBA(255,255,255,0)&#8221; cr_border_color=&#8221;RGBA(255,255,255,0)&#8221; form_field_height_tablet=&#8221;60px&#8221; form_field_height_phone=&#8221;48px&#8221; form_field_height_last_edited=&#8221;on|desktop&#8221; form_field_padding_tablet=&#8221;5px|15px|5px|15px|true|false&#8221; form_field_padding_phone=&#8221;|0px||0px|true|false&#8221; form_field_padding_last_edited=&#8221;off|desktop&#8221; form_field_spacing_tablet=&#8221;5px&#8221; form_field_spacing_phone=&#8221;5px&#8221; form_field_spacing_last_edited=&#8221;on|phone&#8221; _builder_version=&#8221;4.20.2&#8243; _module_preset=&#8221;default&#8221; form_field_font_text_color=&#8221;gcid-46ce43f8-a9f6-4d05-81d0-d4a4b3b20df1&#8243; form_field_font_font_size=&#8221;20px&#8221; form_field_font_line_height=&#8221;1.4em&#8221; labels_text_color=&#8221;gcid-46ce43f8-a9f6-4d05-81d0-d4a4b3b20df1&#8243; labels_font_size=&#8221;20px&#8221; custom_submit_button=&#8221;on&#8221; submit_button_border_width=&#8221;0px&#8221; submit_button_border_radius=&#8221;12px&#8221; submit_button_font=&#8221;Gotham Medium||||||||&#8221; custom_padding=&#8221;||||false|false&#8221; labels_font_size_tablet=&#8221;20px&#8221; labels_font_size_phone=&#8221;20px&#8221; labels_font_size_last_edited=&#8221;on|phone&#8221; border_radii_field=&#8221;on|8px|8px|8px|8px&#8221; border_width_all_field=&#8221;0px&#8221; global_colors_info=&#8221;{%22gcid-46ce43f8-a9f6-4d05-81d0-d4a4b3b20df1%22:%91%22form_field_font_text_color%22,%22labels_text_color%22,%22title_text_color%22%93,%22gcid-35ffdf4d-74e8-432d-998a-6d28768173f2%22:%91%22form_header_img_bg%22%93}&#8221;][\/ba_cf7_styler][et_pb_text _builder_version=&#8221;4.20.2&#8243; _module_preset=&#8221;default&#8221; global_colors_info=&#8221;{}&#8221;]<\/p>\n<h5 style=\"text-align: left;\"><strong>Les informations \u00e0 caract\u00e8re personnel recueillis font l\u2019objet d\u2019un traitement par le salon SIMI du Groupe Moniteur, Cr\u00e9teil B 403 080 823. Elles sont n\u00e9cessaires entre autres, au traitement de votre demande et son enregistr\u00e9es dans nos fichiers. Groupe Moniteur ou toutes soci\u00e9t\u00e9s du groupe Infopro Digital pourront utiliser ces fichiers afin de vous proposer pour leur compte ou celui de leurs clients, des produits et\/ou services utiles \u00e0 vos activit\u00e9s professionnelles ou vous int\u00e9grer dans des annuaires professionnels. pour exercer vos droits, vous y opposer ou pour en savoir plus :<a aria-label=\"Lien Charte des donn\u00e9es personnelles\" id=\"menur3h4a\" href=\"https:\/\/www.infopro-digital.com\/fr\/protection-des-donnees\/\" rel=\"noreferrer noopener\" target=\"_blank\" class=\"fui-Link ___1q1shib f2hkw1w f3rmtva f1ewtqcl fyind8e f1k6fduh f1w7gpdv fk6fouc fjoy568 figsok6 f1s184ao f1mk8lai fnbmjn9 f1o700av f13mvf36 f1cmlufx f9n3di6 f1ids18y f1tx3yz7 f1deo86v f1eh06m1 f1iescvh fhgqx19 f1olyrje f1p93eir f1nev41a f1h8hb77 f1lqvz6u f10aw75t fsle3fq f17ae5zn\" title=\"https:\/\/www.infopro-digital.com\/fr\/protection-des-donnees\/\"><u>Charte des donn\u00e9es personnelles<\/u><\/a><u>.<\/u><\/strong><\/h5>\n<p>[\/et_pb_text][\/et_pb_column][\/et_pb_row][\/et_pb_section]<\/p>\n","protected":false},"excerpt":{"rendered":"<p>Private meeting spacesSIMI, the must-attend event for real estate decision-makers, offers much more than an Exhibition: it is a true hub for meetings, connections, and business opportunities. Because every interaction matters, we have designed premium spaces to facilitate your business meetings and networking opportunities in the best possible conditions.Business Suites: the flexible solution A central, premium meeting space to welcome your prospects and clients. An ideal solution for participating in SIMI with a physical presence at a lower cost, the SIMI Business Suite is designed for companies looking to combine visibility, comfort, and efficiency \u2714 Fully fitted and furnished spaces at the heart of the exhibition area\u2714 Capacity: up to 5 people\u2714 Ideal for fast and effective business meetingsAvailable to book for one day or for the full three-day eventMeeting rooms: privacy and peace of mind To make the most of your presence at SIMI, you can book a turnkey private meeting room. Don&#8217;t let the noise and bustle of the Exhibition limit your business opportunities. We provide fully equipped meeting rooms, strategically located at the heart of SIMI, to ensure the efficiency and confidentiality of your discussions. \u2714 Private, fully equipped spaces away from public view\u2714 Capacity: 4 or [&hellip;]<\/p>\n","protected":false},"author":9,"featured_media":0,"parent":0,"menu_order":0,"comment_status":"closed","ping_status":"closed","template":"","meta":{"_et_pb_use_builder":"on","_et_pb_old_content":"","_et_gb_content_width":"","inline_featured_image":false,"footnotes":""},"class_list":["post-13528","page","type-page","status-publish","hentry"],"acf":[],"yoast_head":"<!-- This site is optimized with the Yoast SEO plugin v23.9 - https:\/\/yoast.com\/wordpress\/plugins\/seo\/ -->\n<title>Private event spaces - Salon de l&#039;investissement Immobilier (SIMI)<\/title>\n<meta name=\"robots\" content=\"index, follow, max-snippet:-1, max-image-preview:large, max-video-preview:-1\" \/>\n<link rel=\"canonical\" href=\"https:\/\/www.salonsimi.com\/en\/private-event-spaces\/\" \/>\n<meta property=\"og:locale\" content=\"en_US\" \/>\n<meta property=\"og:type\" content=\"article\" \/>\n<meta property=\"og:title\" content=\"Private event spaces - Salon de l&#039;investissement Immobilier (SIMI)\" \/>\n<meta property=\"og:description\" content=\"Private meeting spacesSIMI, the must-attend event for real estate decision-makers, offers much more than an Exhibition: it is a true hub for meetings, connections, and business opportunities. Because every interaction matters, we have designed premium spaces to facilitate your business meetings and networking opportunities in the best possible conditions.Business Suites: the flexible solution A central, premium meeting space to welcome your prospects and clients. An ideal solution for participating in SIMI with a physical presence at a lower cost, the SIMI Business Suite is designed for companies looking to combine visibility, comfort, and efficiency \u2714 Fully fitted and furnished spaces at the heart of the exhibition area\u2714 Capacity: up to 5 people\u2714 Ideal for fast and effective business meetingsAvailable to book for one day or for the full three-day eventMeeting rooms: privacy and peace of mind To make the most of your presence at SIMI, you can book a turnkey private meeting room. Don&#039;t let the noise and bustle of the Exhibition limit your business opportunities. We provide fully equipped meeting rooms, strategically located at the heart of SIMI, to ensure the efficiency and confidentiality of your discussions. \u2714 Private, fully equipped spaces away from public view\u2714 Capacity: 4 or [&hellip;]\" \/>\n<meta property=\"og:url\" content=\"https:\/\/www.salonsimi.com\/en\/private-event-spaces\/\" \/>\n<meta property=\"og:site_name\" content=\"Salon de l&#039;investissement Immobilier (SIMI)\" \/>\n<meta property=\"article:modified_time\" content=\"2026-09-04T09:25:41+00:00\" \/>\n<meta name=\"twitter:card\" content=\"summary_large_image\" \/>\n<script type=\"application\/ld+json\" class=\"yoast-schema-graph\">{\"@context\":\"https:\/\/schema.org\",\"@graph\":[{\"@type\":\"WebPage\",\"@id\":\"https:\/\/www.salonsimi.com\/en\/private-event-spaces\/\",\"url\":\"https:\/\/www.salonsimi.com\/en\/private-event-spaces\/\",\"name\":\"Private event spaces - Salon de l&#039;investissement Immobilier (SIMI)\",\"isPartOf\":{\"@id\":\"https:\/\/www.salonsimi.com\/#website\"},\"datePublished\":\"2026-09-04T09:13:31+00:00\",\"dateModified\":\"2026-09-04T09:25:41+00:00\",\"breadcrumb\":{\"@id\":\"https:\/\/www.salonsimi.com\/en\/private-event-spaces\/#breadcrumb\"},\"inLanguage\":\"en-US\",\"potentialAction\":[{\"@type\":\"ReadAction\",\"target\":[\"https:\/\/www.salonsimi.com\/en\/private-event-spaces\/\"]}]},{\"@type\":\"BreadcrumbList\",\"@id\":\"https:\/\/www.salonsimi.com\/en\/private-event-spaces\/#breadcrumb\",\"itemListElement\":[{\"@type\":\"ListItem\",\"position\":1,\"name\":\"Home\",\"item\":\"https:\/\/www.salonsimi.com\/\"},{\"@type\":\"ListItem\",\"position\":2,\"name\":\"Private event spaces\"}]},{\"@type\":\"WebSite\",\"@id\":\"https:\/\/www.salonsimi.com\/#website\",\"url\":\"https:\/\/www.salonsimi.com\/\",\"name\":\"Salon de l'investissement Immobilier (SIMI)\",\"description\":\"Salon de l&#039;investissement Immobilier (SIMI)\",\"publisher\":{\"@id\":\"https:\/\/www.salonsimi.com\/#organization\"},\"potentialAction\":[{\"@type\":\"SearchAction\",\"target\":{\"@type\":\"EntryPoint\",\"urlTemplate\":\"https:\/\/www.salonsimi.com\/?s={search_term_string}\"},\"query-input\":{\"@type\":\"PropertyValueSpecification\",\"valueRequired\":true,\"valueName\":\"search_term_string\"}}],\"inLanguage\":\"en-US\"},{\"@type\":\"Organization\",\"@id\":\"https:\/\/www.salonsimi.com\/#organization\",\"name\":\"Salon de l'investissement Immobilier (SIMI)\",\"url\":\"https:\/\/www.salonsimi.com\/\",\"logo\":{\"@type\":\"ImageObject\",\"inLanguage\":\"en-US\",\"@id\":\"https:\/\/www.salonsimi.com\/#\/schema\/logo\/image\/\",\"url\":\"https:\/\/www.salonsimi.com\/app\/uploads\/2025\/07\/simi-logo-svg.svg\",\"contentUrl\":\"https:\/\/www.salonsimi.com\/app\/uploads\/2025\/07\/simi-logo-svg.svg\",\"width\":149,\"height\":72,\"caption\":\"Salon de l'investissement Immobilier (SIMI)\"},\"image\":{\"@id\":\"https:\/\/www.salonsimi.com\/#\/schema\/logo\/image\/\"}}]}<\/script>\n<!-- \/ Yoast SEO plugin. -->","yoast_head_json":{"title":"Private event spaces - Salon de l&#039;investissement Immobilier (SIMI)","robots":{"index":"index","follow":"follow","max-snippet":"max-snippet:-1","max-image-preview":"max-image-preview:large","max-video-preview":"max-video-preview:-1"},"canonical":"https:\/\/www.salonsimi.com\/en\/private-event-spaces\/","og_locale":"en_US","og_type":"article","og_title":"Private event spaces - Salon de l&#039;investissement Immobilier (SIMI)","og_description":"Private meeting spacesSIMI, the must-attend event for real estate decision-makers, offers much more than an Exhibition: it is a true hub for meetings, connections, and business opportunities. Because every interaction matters, we have designed premium spaces to facilitate your business meetings and networking opportunities in the best possible conditions.Business Suites: the flexible solution A central, premium meeting space to welcome your prospects and clients. An ideal solution for participating in SIMI with a physical presence at a lower cost, the SIMI Business Suite is designed for companies looking to combine visibility, comfort, and efficiency \u2714 Fully fitted and furnished spaces at the heart of the exhibition area\u2714 Capacity: up to 5 people\u2714 Ideal for fast and effective business meetingsAvailable to book for one day or for the full three-day eventMeeting rooms: privacy and peace of mind To make the most of your presence at SIMI, you can book a turnkey private meeting room. Don't let the noise and bustle of the Exhibition limit your business opportunities. We provide fully equipped meeting rooms, strategically located at the heart of SIMI, to ensure the efficiency and confidentiality of your discussions. \u2714 Private, fully equipped spaces away from public view\u2714 Capacity: 4 or [&hellip;]","og_url":"https:\/\/www.salonsimi.com\/en\/private-event-spaces\/","og_site_name":"Salon de l&#039;investissement Immobilier (SIMI)","article_modified_time":"2026-09-04T09:25:41+00:00","twitter_card":"summary_large_image","schema":{"@context":"https:\/\/schema.org","@graph":[{"@type":"WebPage","@id":"https:\/\/www.salonsimi.com\/en\/private-event-spaces\/","url":"https:\/\/www.salonsimi.com\/en\/private-event-spaces\/","name":"Private event spaces - Salon de l&#039;investissement Immobilier (SIMI)","isPartOf":{"@id":"https:\/\/www.salonsimi.com\/#website"},"datePublished":"2026-09-04T09:13:31+00:00","dateModified":"2026-09-04T09:25:41+00:00","breadcrumb":{"@id":"https:\/\/www.salonsimi.com\/en\/private-event-spaces\/#breadcrumb"},"inLanguage":"en-US","potentialAction":[{"@type":"ReadAction","target":["https:\/\/www.salonsimi.com\/en\/private-event-spaces\/"]}]},{"@type":"BreadcrumbList","@id":"https:\/\/www.salonsimi.com\/en\/private-event-spaces\/#breadcrumb","itemListElement":[{"@type":"ListItem","position":1,"name":"Home","item":"https:\/\/www.salonsimi.com\/"},{"@type":"ListItem","position":2,"name":"Private event spaces"}]},{"@type":"WebSite","@id":"https:\/\/www.salonsimi.com\/#website","url":"https:\/\/www.salonsimi.com\/","name":"Salon de l'investissement Immobilier (SIMI)","description":"Salon de l&#039;investissement Immobilier (SIMI)","publisher":{"@id":"https:\/\/www.salonsimi.com\/#organization"},"potentialAction":[{"@type":"SearchAction","target":{"@type":"EntryPoint","urlTemplate":"https:\/\/www.salonsimi.com\/?s={search_term_string}"},"query-input":{"@type":"PropertyValueSpecification","valueRequired":true,"valueName":"search_term_string"}}],"inLanguage":"en-US"},{"@type":"Organization","@id":"https:\/\/www.salonsimi.com\/#organization","name":"Salon de l'investissement Immobilier (SIMI)","url":"https:\/\/www.salonsimi.com\/","logo":{"@type":"ImageObject","inLanguage":"en-US","@id":"https:\/\/www.salonsimi.com\/#\/schema\/logo\/image\/","url":"https:\/\/www.salonsimi.com\/app\/uploads\/2025\/07\/simi-logo-svg.svg","contentUrl":"https:\/\/www.salonsimi.com\/app\/uploads\/2025\/07\/simi-logo-svg.svg","width":149,"height":72,"caption":"Salon de l'investissement Immobilier (SIMI)"},"image":{"@id":"https:\/\/www.salonsimi.com\/#\/schema\/logo\/image\/"}}]}},"_links":{"self":[{"href":"https:\/\/www.salonsimi.com\/en\/wp-json\/wp\/v2\/pages\/13528","targetHints":{"allow":["GET"]}}],"collection":[{"href":"https:\/\/www.salonsimi.com\/en\/wp-json\/wp\/v2\/pages"}],"about":[{"href":"https:\/\/www.salonsimi.com\/en\/wp-json\/wp\/v2\/types\/page"}],"author":[{"embeddable":true,"href":"https:\/\/www.salonsimi.com\/en\/wp-json\/wp\/v2\/users\/9"}],"replies":[{"embeddable":true,"href":"https:\/\/www.salonsimi.com\/en\/wp-json\/wp\/v2\/comments?post=13528"}],"version-history":[{"count":2,"href":"https:\/\/www.salonsimi.com\/en\/wp-json\/wp\/v2\/pages\/13528\/revisions"}],"predecessor-version":[{"id":13531,"href":"https:\/\/www.salonsimi.com\/en\/wp-json\/wp\/v2\/pages\/13528\/revisions\/13531"}],"wp:attachment":[{"href":"https:\/\/www.salonsimi.com\/en\/wp-json\/wp\/v2\/media?parent=13528"}],"curies":[{"name":"wp","href":"https:\/\/api.w.org\/{rel}","templated":true}]}}